{"id":129685,"date":"2026-05-27T10:55:26","date_gmt":"2026-05-27T09:55:26","guid":{"rendered":"https:\/\/teachertraining.studyinireland.ie\/?page_id=129685"},"modified":"2026-05-27T11:06:28","modified_gmt":"2026-05-27T10:06:28","slug":"gyik","status":"publish","type":"page","link":"https:\/\/teachertraining.studyinireland.ie\/hu\/faqs\/","title":{"rendered":"Gyakran Ism\u00e9telt K\u00e9rd\u00e9sek"},"content":{"rendered":"<div class=\"wpb-content-wrapper\" id=\"wpb-content-root\"><div class=\"vc_row wpb_row vc_row-fluid\"><div class=\"wpb_column vc_column_container vc_col-sm-12\"><div class=\"vc_column-inner\"><div class=\"wpb_wrapper\">            <div class=\"qae-faqs-container qae-faqs-toggle-container\">\n\t\t\t\t\t\t\t<ul class=\"qe-faqs-filters-container\">\n\t\t\t\t<li class=\"active\"><a class=\"qe-faqs-filter all-faqs\" href=\"#\" data-filter=\"*\">All<\/a><\/li>\n\t\t\t\t<li><a class=\"qe-faqs-filter\" href=\"#after-you-arrive\" data-filter=\".after-you-arrive\">Miut\u00e1n meg\u00e9rkezt\u00e9l<\/a><\/li><li><a class=\"qe-faqs-filter\" href=\"#before-arrive\" data-filter=\".before-arrive\">Miel\u0151tt meg\u00e9rkezik<\/a><\/li>\t\t\t<\/ul>\n\t\t\t\t\t<div id=\"qaef-3469\" class=\"qe-faq-toggle after-you-arrive\">\n\t\t\t<div class=\"qe-toggle-title\">\n\t\t\t\t<h4>\n\t\t\t\t\t<i class=\"fa fa-minus-circle\"><\/i> A kurzusomat ezen a h\u00e9ten fejezem be, hol kapom meg a bizony\u00edtv\u00e1nyomat?\t\t\t\t<\/h4>\n\t\t\t<\/div>\n\t\t\t<div class=\"qe-toggle-content\">\n\t\t\t\t<p style=\"text-align: justify\">Ha a jelenl\u00e9ti pontsz\u00e1mod meghaladja a 85%-t, az utols\u00f3 napon az \u00f3ra ut\u00e1n a recepci\u00f3n \u00e1tveheted az okleveledet. A d\u00e9lut\u00e1ni tagozaton tanul\u00f3 hallgat\u00f3knak \u00e9rdemes figyelembe venni\u00fck, hogy a recepci\u00f3 16:30-kor z\u00e1r, \u00edgy az okleveleket az \u00f3rak\u00f6zi sz\u00fcnetben is \u00e1tvehetik.<\/p>\n<p style=\"text-align: justify\">Ha kor\u00e1bban sz\u00fcks\u00e9ge van a tan\u00fas\u00edtv\u00e1nyra, vagy tov\u00e1bbi k\u00e9rd\u00e9sei vannak, k\u00e9rj\u00fck, k\u00fcldj\u00f6n e-mailt <a href=\"mailto:academic@isi-ireland.ie\">academic@isi-ireland.ie<\/a> az ISI Akad\u00e9miai Csapat\u00e1nak egyik tagja 24 \u00f3r\u00e1n bel\u00fcl v\u00e1laszol.<\/p>\n\t\t\t<\/div>\n\t\t<\/div>\n\t\t\t\t<div id=\"qaef-3468\" class=\"qe-faq-toggle after-you-arrive\">\n\t\t\t<div class=\"qe-toggle-title\">\n\t\t\t\t<h4>\n\t\t\t\t\t<i class=\"fa fa-minus-circle\"><\/i> Hosszabb\u00edthatom a sz\u00e1ll\u00e1somat a vend\u00e9gl\u00e1t\u00f3 csal\u00e1domn\u00e1l vagy a lak\u00f3helyemen?\t\t\t\t<\/h4>\n\t\t\t<\/div>\n\t\t\t<div class=\"qe-toggle-content\">\n\t\t\t\t<p style=\"text-align: justify\">Igen, k\u00f6zvetlen\u00fcl a recepci\u00f3n k\u00e9rheti, hogy besz\u00e9lhessen a sz\u00e1ll\u00e1shely-vezet\u0151nkkel, vagy k\u00fcldj\u00f6n nek\u00fcnk e-mailt a k\u00f6vetkez\u0151 c\u00edmre: <a href=\"mailto:info@isi-ireland.ie\">info@isi-ireland.ie\u00a0<\/a><\/p>\n<p style=\"text-align: justify\">Minden meghosszabb\u00edt\u00e1s a rendelkez\u00e9sre \u00e1ll\u00e1st\u00f3l f\u00fcgg, \u00e9s a hallgat\u00f3k sz\u00e1ll\u00e1s\u00e1nak kezdete el\u0151tt teljes eg\u00e9sz\u00e9ben ki kell fizetni.<\/p>\n\t\t\t<\/div>\n\t\t<\/div>\n\t\t\t\t<div id=\"qaef-3465\" class=\"qe-faq-toggle after-you-arrive\">\n\t\t\t<div class=\"qe-toggle-title\">\n\t\t\t\t<h4>\n\t\t\t\t\t<i class=\"fa fa-minus-circle\"><\/i> Hogyan tudok nyomtatni az iskol\u00e1ban?\t\t\t\t<\/h4>\n\t\t\t<\/div>\n\t\t\t<div class=\"qe-toggle-content\">\n\t\t\t\t<p style=\"text-align: justify\">K\u00fcldje el a dokumentumot nyomtat\u00e1sra a <a href=\"mailto:reception@isi-ireland.ie\">reception@isi-ireland.ie<\/a> \u00e9s a kinyomtatott oldalt a recepci\u00f3n vehetik \u00e1t. H\u00e1l\u00f3zati biztons\u00e1gi okokb\u00f3l nem nyomtatunk USB meghajt\u00f3kr\u00f3l. Ebben az esetben a di\u00e1kok haszn\u00e1lhatj\u00e1k az ISI sz\u00e1m\u00edt\u00f3g\u00e9ptermeit.<\/p>\n<p style=\"text-align: justify\">Az al\u00e1bbi nyomtat\u00e1si d\u00edjat sz\u00e1m\u00edtjuk fel:<\/p>\n<ul>\n<li style=\"text-align: justify\">Fekete-feh\u00e9r oldalak: 10 cent<\/li>\n<li style=\"text-align: justify\">Sz\u00ednes oldalak: 20 cent<\/li>\n<\/ul>\n\t\t\t<\/div>\n\t\t<\/div>\n\t\t\t\t<div id=\"qaef-3460\" class=\"qe-faq-toggle after-you-arrive\">\n\t\t\t<div class=\"qe-toggle-title\">\n\t\t\t\t<h4>\n\t\t\t\t\t<i class=\"fa fa-minus-circle\"><\/i> V\u00e1ltoztathatom a szintemet vagy az oszt\u00e1lyomat?\t\t\t\t<\/h4>\n\t\t\t<\/div>\n\t\t\t<div class=\"qe-toggle-content\">\n\t\t\t\t<p style=\"text-align: justify\">Igen, lehets\u00e9ges, de j\u00f3v\u00e1hagy\u00e1shoz k\u00f6t\u00f6tt. K\u00f6vesse az al\u00e1bbi l\u00e9p\u00e9seket:<\/p>\n<ul>\n<li style=\"text-align: justify\">El\u0151sz\u00f6r besz\u00e9lj a tan\u00e1roddal, \u00e9s k\u00e9rdezd meg, hogy \u00e1thelyezhet-e a k\u00f6vetkez\u0151 szintre. A tan\u00e1rod tan\u00e1csot ad a halad\u00e1soddal kapcsolatban, \u00e9s arr\u00f3l, hogy mit kell tenned ezut\u00e1n.<\/li>\n<li style=\"text-align: justify\">Ha nem \u00e9rtesz egyet a tan\u00e1rral, VAGY ha egy m\u00e1sik, azonos szint\u0171, de m\u00e1s tan\u00e1rral rendelkez\u0151 oszt\u00e1lyba szeretn\u00e9l \u00e1tmenni, akkor k\u00fcldj egy e-mailt a <a href=\"mailto:academic@isi-ireland.ie\">academic@isi-ireland.ie<\/a> Magyar\u00e1zza el, mi\u00e9rt akar k\u00f6lt\u00f6zni. Adja meg teljes nev\u00e9t, szintj\u00e9t \u00e9s tan\u00e1rai nev\u00e9t. Az egyik akad\u00e9miai vezet\u0151 24 \u00f3r\u00e1n bel\u00fcl felveszi \u00d6nnel a kapcsolatot.<\/li>\n<\/ul>\n\t\t\t<\/div>\n\t\t<\/div>\n\t\t\t\t<div id=\"qaef-3445\" class=\"qe-faq-toggle before-arrive\">\n\t\t\t<div class=\"qe-toggle-title\">\n\t\t\t\t<h4>\n\t\t\t\t\t<i class=\"fa fa-minus-circle\"><\/i> Mikor vannak a sz\u00fcnetek az iskol\u00e1ban?\t\t\t\t<\/h4>\n\t\t\t<\/div>\n\t\t\t<div class=\"qe-toggle-content\">\n\t\t\t\t<p style=\"text-align: justify\">Az iskola k\u00f6r\u00fclbel\u00fcl egy h\u00e9tre z\u00e1rva tart a kar\u00e1csonyi \/ \u00faj\u00e9vi sz\u00fcnetben. K\u00e9rj\u00fck, \u00edrjon nek\u00fcnk a k\u00f6vetkez\u0151 e-mail c\u00edmre: <a href=\"mailto:info@isi-ireland.ie\">info@isi-ireland.ie<\/a>\u00a0az egyes \u00e9vek pontos d\u00e1tumai\u00e9rt.<\/p>\n<p style=\"text-align: justify\">Az iskola z\u00e1rva tart tov\u00e1bb\u00e1 az al\u00e1bbi nemzeti \u00e9s banki \u00fcnnepek alkalm\u00e1b\u00f3l is: m\u00e1rcius 17., nagyp\u00e9ntek, h\u00fasv\u00e9th\u00e9tf\u0151, m\u00e1jus, j\u00fanius \u00e9s augusztus els\u0151 h\u00e9tf\u0151je, valamint okt\u00f3ber utols\u00f3 h\u00e9tf\u0151je. Ezen napokon nem lesznek \u00f3r\u00e1k, \u00e9s a nem tartott \u00f3r\u00e1k\u00e9rt nem j\u00e1r visszat\u00e9r\u00edt\u00e9s.<\/p>\n\t\t\t<\/div>\n\t\t<\/div>\n\t\t\t\t<div id=\"qaef-3444\" class=\"qe-faq-toggle before-arrive\">\n\t\t\t<div class=\"qe-toggle-title\">\n\t\t\t\t<h4>\n\t\t\t\t\t<i class=\"fa fa-minus-circle\"><\/i> Lesz internet hozz\u00e1f\u00e9r\u00e9s vagy WiFi a sz\u00e1ll\u00e1shelyemen?\t\t\t\t<\/h4>\n\t\t\t<\/div>\n\t\t\t<div class=\"qe-toggle-content\">\n\t\t\t\t<article class=\"type-faq faq-open\">\n<div class=\"faq-content\">\n<p>Az internet-hozz\u00e1f\u00e9r\u00e9s sz\u00e9les k\u00f6rben el\u00e9rhet\u0151 mind az ISI Di\u00e1ksz\u00e1ll\u00e1son, mind az ISI Vend\u00e9gl\u00e1t\u00f3 Csal\u00e1dokn\u00e1l. Ha a di\u00e1kok b\u00e1rmilyen probl\u00e9m\u00e1t tapasztalnak az internet el\u00e9rhet\u0151s\u00e9g\u00e9vel kapcsolatban, akkor ezt jelezni\u00fck kell a vend\u00e9gl\u00e1t\u00f3 csal\u00e1djuknak, vagy fel kell venni\u00fck a kapcsolatot\u00a0<a href=\"mailto:info@isi-ireland.ie\">info@isi-ireland.ie<\/a>.<\/p>\n<\/div>\n<\/article>\n\t\t\t<\/div>\n\t\t<\/div>\n\t\t\t\t<div id=\"qaef-3443\" class=\"qe-faq-toggle before-arrive\">\n\t\t\t<div class=\"qe-toggle-title\">\n\t\t\t\t<h4>\n\t\t\t\t\t<i class=\"fa fa-minus-circle\"><\/i> Haszn\u00e1lhatom a laptopomat az iskol\u00e1ban?\t\t\t\t<\/h4>\n\t\t\t<\/div>\n\t\t\t<div class=\"qe-toggle-content\">\n\t\t\t\t<p style=\"text-align: justify\">Igen. Az \u00e9p\u00fcletben ingyenes WiFi hozz\u00e1f\u00e9r\u00e9s \u00e1ll rendelkez\u00e9sre. Modern sz\u00e1m\u00edt\u00f3g\u00e9pekkel \u00e9s webkamer\u00e1kkal ell\u00e1tott sz\u00e1m\u00edt\u00f3g\u00e9ptermeink is vannak az ISI di\u00e1kjai sz\u00e1m\u00e1ra.<\/p>\n\t\t\t<\/div>\n\t\t<\/div>\n\t\t\t\t<div id=\"qaef-3442\" class=\"qe-faq-toggle before-arrive\">\n\t\t\t<div class=\"qe-toggle-title\">\n\t\t\t\t<h4>\n\t\t\t\t\t<i class=\"fa fa-minus-circle\"><\/i> Kaphatok bizony\u00edtv\u00e1nyt a tanfolyam v\u00e9g\u00e9n?\t\t\t\t<\/h4>\n\t\t\t<\/div>\n\t\t\t<div class=\"qe-toggle-content\">\n\t\t\t\t<p style=\"text-align: justify\">Ahhoz, hogy a hallgat\u00f3k teljes \u00e9rt\u00e9k\u0171 tan\u00fas\u00edtv\u00e1nyt kapjanak, az angol \u00f3r\u00e1kon legal\u00e1bb 85%-t k\u00f6telesek jelen lenni. Azok a hallgat\u00f3k, akik elv\u00e9gzik az angol nyelvi programot, int\u00e9zm\u00e9nyi angol nyelvi tan\u00fas\u00edtv\u00e1nyt kapnak. Azok, akik olyan nemzetk\u00f6zi vizsg\u00e1t tesznek le, mint a Trinity ISE, az FCE, a CAE vagy az IELTS, az adott vizsgaszervez\u0151t\u0151l is megkapj\u00e1k a megfelel\u0151 tan\u00fas\u00edtv\u00e1nyt.<\/p>\n\t\t\t<\/div>\n\t\t<\/div>\n\t\t\t\t<div id=\"qaef-3441\" class=\"qe-faq-toggle before-arrive\">\n\t\t\t<div class=\"qe-toggle-title\">\n\t\t\t\t<h4>\n\t\t\t\t\t<i class=\"fa fa-minus-circle\"><\/i> Milyen k\u00e9pes\u00edt\u00e9ssel rendelkeznek a tan\u00e1rai?\t\t\t\t<\/h4>\n\t\t\t<\/div>\n\t\t\t<div class=\"qe-toggle-content\">\n\t\t\t\t<article class=\"type-faq faq-open\">\n<div class=\"faq-content\">\n<p style=\"text-align: justify\">Minden angoltan\u00e1r rendelkezik diplom\u00e1val \u00e9s ACELS \u00e1ltal elismert TEFL bizony\u00edtv\u00e1nnyal.<\/p>\n<\/div>\n<\/article>\n\t\t\t<\/div>\n\t\t<\/div>\n\t\t\t\t<div id=\"qaef-3440\" class=\"qe-faq-toggle before-arrive\">\n\t\t\t<div class=\"qe-toggle-title\">\n\t\t\t\t<h4>\n\t\t\t\t\t<i class=\"fa fa-minus-circle\"><\/i> Vannak olyan tev\u00e9kenys\u00e9gek, amelyekben r\u00e9szt vehetek az \u00f3ra ut\u00e1n?\t\t\t\t<\/h4>\n\t\t\t<\/div>\n\t\t\t<div class=\"qe-toggle-content\">\n\t\t\t\t<p style=\"text-align: justify\">Az ISI eg\u00e9sz \u00e9vben teljes k\u00f6r\u0171 szoci\u00e1lis programot k\u00edn\u00e1l, valamint sz\u00e1mos ingyenes klubot \u00e9s esti rendezv\u00e9nyt. A d\u00e9lut\u00e1ni programokon r\u00e9sztvev\u0151 di\u00e1kok nem vehetnek r\u00e9szt a d\u00e9lut\u00e1ni szoci\u00e1lis programon.<\/p>\n<p style=\"text-align: justify\">Azonban az ISI klubok, amelyek d\u00e9lut\u00e1ni \u00f3r\u00e1k ut\u00e1n kezd\u0151dnek, \u00e9s hetente legal\u00e1bb egy esti \u00e9s egy szombati foglalkoz\u00e1s \u00e1ll rendelkez\u00e9sre minden di\u00e1k sz\u00e1m\u00e1ra.<\/p>\n<p style=\"text-align: justify\">L\u00e1sd a mi\u00e9nket <a href=\"https:\/\/teachertraining.studyinireland.ie\/hu\/szocialis-program\/\">Szoci\u00e1lis program <\/a>tov\u00e1bbi inform\u00e1ci\u00f3k\u00e9rt, \u00e9s k\u00f6vesd a <a href=\"https:\/\/www.facebook.com\/isi.ireland\/\">Facebook<\/a> oldal, <a href=\"https:\/\/www.instagram.com\/isi_dublin\/\">Instagram<\/a> \u00e9s <a href=\"https:\/\/www.youtube.com\/channel\/UCtL4qvG-bOMGcdzw577c0FQ\">YouTube<\/a> csatorna, ahol naprak\u00e9sz maradhatsz a t\u00e1rsadalmi esem\u00e9nyeinkr\u0151l.<\/p>\n\t\t\t<\/div>\n\t\t<\/div>\n\t\t\t\t<div id=\"qaef-3439\" class=\"qe-faq-toggle before-arrive\">\n\t\t\t<div class=\"qe-toggle-title\">\n\t\t\t\t<h4>\n\t\t\t\t\t<i class=\"fa fa-minus-circle\"><\/i> Kell vizsg\u00e1t tennem, hogy beker\u00fclhessek az iskol\u00e1j\u00e1ba?\t\t\t\t<\/h4>\n\t\t\t<\/div>\n\t\t\t<div class=\"qe-toggle-content\">\n\t\t\t\t<div class=\"wpb-content-wrapper\" id=\"wpb-content-root\"><div class=\"vc_row wpb_row vc_row-fluid\"><div class=\"wpb_column vc_column_container vc_col-sm-12\"><div class=\"vc_column-inner\"><div class=\"wpb_wrapper\">\n\t<div class=\"wpb_text_column wpb_content_element\">\n\t\t<div class=\"wpb_wrapper\">\n\t\t\t<p style=\"text-align: justify\">Minden \u00faj ISI di\u00e1k k\u00f6teles elv\u00e9gezni online angol teszt\u00fcnket kurzusuk kezdete el\u0151tt. Az ISI di\u00e1kok az els\u0151 reggelen sz\u00f3beli vizsg\u00e1t is tesznek. Elv\u00e9gezheti online angol teszt\u00fcnket <a href=\"https:\/\/languagequizteachertraining.studyinireland.ie\/\" target=\"_blank\" rel=\"noopener noreferrer\">Itt<\/a>. T\u00f6ltse ki az els\u0151 oldalt szem\u00e9lyes adataival, miel\u0151tt tov\u00e1bbhalad a teszt kit\u00f6lt\u00e9s\u00e9hez.<\/p>\n\n\t\t<\/div>\n\t<\/div>\n<\/div><\/div><\/div><\/div>\n<\/div>\t\t\t<\/div>\n\t\t<\/div>\n\t\t\t\t<div id=\"qaef-3438\" class=\"qe-faq-toggle before-arrive\">\n\t\t\t<div class=\"qe-toggle-title\">\n\t\t\t\t<h4>\n\t\t\t\t\t<i class=\"fa fa-minus-circle\"><\/i> H\u00e1ny di\u00e1k van minden oszt\u00e1lyban?\t\t\t\t<\/h4>\n\t\t\t<\/div>\n\t\t\t<div class=\"qe-toggle-content\">\n\t\t\t\t<article class=\"type-faq faq-open\">\n<div class=\"faq-content\">\n<p style=\"text-align: justify\">A nyelvi \u00f3r\u00e1kon legfeljebb 15 di\u00e1k vehet r\u00e9szt.<\/p>\n<\/div>\n<\/article>\n\t\t\t<\/div>\n\t\t<\/div>\n\t\t\t\t<div id=\"qaef-3437\" class=\"qe-faq-toggle before-arrive\">\n\t\t\t<div class=\"qe-toggle-title\">\n\t\t\t\t<h4>\n\t\t\t\t\t<i class=\"fa fa-minus-circle\"><\/i> Mikor kezdhetem meg a kurzusomat?\t\t\t\t<\/h4>\n\t\t\t<\/div>\n\t\t\t<div class=\"qe-toggle-content\">\n\t\t\t\t<div class=\"wpb-content-wrapper\" id=\"wpb-content-root\"><div class=\"vc_row wpb_row vc_row-fluid\"><div class=\"wpb_column vc_column_container vc_col-sm-12\"><div class=\"vc_column-inner\"><div class=\"wpb_wrapper\">\n\t<div class=\"wpb_text_column wpb_content_element\">\n\t\t<div class=\"wpb_wrapper\">\n\t\t\t<p>Az angol tanfolyamokat \u00e9s az akad\u00e9miai tan\u00e9ves programokat kar\u00e1csonyi sz\u00fcnet kiv\u00e9tel\u00e9vel b\u00e1rmely h\u00e9tf\u0151n elkezdheted. Minden m\u00e1s tanfolyamnak konkr\u00e9t kezd\u0151 d\u00e1tumai vannak. L\u00e1sd a tanfolyam le\u00edr\u00e1s\u00e1t. <a href=\"https:\/\/teachertraining.studyinireland.ie\/hu\/#courses\">Itt<\/a>, tov\u00e1bbi inform\u00e1ci\u00f3\u00e9rt.<\/p>\n\n\t\t<\/div>\n\t<\/div>\n<\/div><\/div><\/div><\/div>\n<\/div>\t\t\t<\/div>\n\t\t<\/div>\n\t\t\t\t<div id=\"qaef-3436\" class=\"qe-faq-toggle before-arrive\">\n\t\t\t<div class=\"qe-toggle-title\">\n\t\t\t\t<h4>\n\t\t\t\t\t<i class=\"fa fa-minus-circle\"><\/i> Tudn\u00e1l velem tal\u00e1lkozni a dublini rep\u00fcl\u0151t\u00e9ren?\t\t\t\t<\/h4>\n\t\t\t<\/div>\n\t\t\t<div class=\"qe-toggle-content\">\n\t\t\t\t<article class=\"type-faq faq-open\">\n<div class=\"faq-content\">\n<p style=\"text-align: justify\">Igen, egy ISI k\u00e9pvisel\u0151 tudja fogadni \u00d6nt a rep\u00fcl\u0151t\u00e9ren, \u00e9s elvinni ISI sz\u00e1ll\u00e1s\u00e1ra. Minden 18 \u00e9v alatti di\u00e1knak k\u00f6telez\u0151, hogy az ISI k\u00e9pvisel\u0151je, vagy egy ISI \u00e1ltal j\u00f3v\u00e1hagyott meghatalmazott szem\u00e9ly fogadja \u0151ket a rep\u00fcl\u0151t\u00e9ren. K\u00e9rj\u00fck, tekintse meg az \u00e1rlist\u00e1nkat, \u00e9s jelezze a jelentkez\u00e9si lapon, ha ig\u00e9nybe k\u00edv\u00e1nja venni ezt a szolg\u00e1ltat\u00e1st.<\/p>\n<\/div>\n<\/article>\n\t\t\t<\/div>\n\t\t<\/div>\n\t\t\t\t<div id=\"qaef-3423\" class=\"qe-faq-toggle before-arrive\">\n\t\t\t<div class=\"qe-toggle-title\">\n\t\t\t\t<h4>\n\t\t\t\t\t<i class=\"fa fa-minus-circle\"><\/i> Sz\u00fcks\u00e9gem van eg\u00e9szs\u00e9gbiztos\u00edt\u00e1sra?\t\t\t\t<\/h4>\n\t\t\t<\/div>\n\t\t\t<div class=\"qe-toggle-content\">\n\t\t\t\t<div class=\"wpb-content-wrapper\" id=\"wpb-content-root\"><div class=\"vc_row wpb_row vc_row-fluid\"><div class=\"wpb_column vc_column_container vc_col-sm-12\"><div class=\"vc_column-inner\"><div class=\"wpb_wrapper\">\n\t<div class=\"wpb_text_column wpb_content_element\">\n\t\t<div class=\"wpb_wrapper\">\n\t\t\t<p style=\"text-align: justify\">Ha \u00d6n az EU-n bel\u00fcli di\u00e1k, ig\u00e9nyelnie kell az Eur\u00f3pai Eg\u00e9szs\u00e9gbiztos\u00edt\u00e1si K\u00e1rty\u00e1t, \u00e9s mag\u00e1val kell vinnie \u00cdrorsz\u00e1gba.<\/p>\n<p style=\"text-align: justify\">Ha nem EU-s hallgat\u00f3, akkor meg kell v\u00e1s\u00e1rolnia az utaz\u00e1si biztos\u00edt\u00e1st a k\u00e9pz\u00e9s teljes id\u0151tartam\u00e1ra \u00cdrorsz\u00e1gban. \u00c9ves szinten 125 eur\u00f3\u00e9rt k\u00edn\u00e1lunk megfelel\u0151 biztos\u00edt\u00e1si fedezetet arra az esetre, ha balesetet szenved, vagy betegs\u00e9g k\u00f6vetkezt\u00e9ben orvosi k\u00f6lts\u00e9gek mer\u00fclnek fel. Tov\u00e1bbi inform\u00e1ci\u00f3\u00e9rt olvassa el <a href=\"https:\/\/teachertraining.studyinireland.ie\/hu\/medical-insurance-policy\/\">Orvosi Biztos\u00edt\u00e1si Szerz\u0151d\u00e9s<\/a>.<\/p>\n\n\t\t<\/div>\n\t<\/div>\n<\/div><\/div><\/div><\/div>\n<\/div>\t\t\t<\/div>\n\t\t<\/div>\n\t\t\t\t<div id=\"qaef-3420\" class=\"qe-faq-toggle before-arrive\">\n\t\t\t<div class=\"qe-toggle-title\">\n\t\t\t\t<h4>\n\t\t\t\t\t<i class=\"fa fa-minus-circle\"><\/i> Kaphatok egy bros\u00far\u00e1t?\t\t\t\t<\/h4>\n\t\t\t<\/div>\n\t\t\t<div class=\"qe-toggle-content\">\n\t\t\t\t<div class=\"wpb-content-wrapper\" id=\"wpb-content-root\"><div class=\"vc_row wpb_row vc_row-fluid\"><div class=\"wpb_column vc_column_container vc_col-sm-12\"><div class=\"vc_column-inner\"><div class=\"wpb_wrapper\">\n\t<div class=\"wpb_text_column wpb_content_element\">\n\t\t<div class=\"wpb_wrapper\">\n\t\t\t<ul>\n<li>Igen, ezeket innen lehet let\u00f6lteni\u00a0<a href=\"https:\/\/isidublin.aflip.in\/adultschool.html\">link<\/a>.<\/li>\n<\/ul>\n\n\t\t<\/div>\n\t<\/div>\n<\/div><\/div><\/div><\/div>\n<\/div>\t\t\t<\/div>\n\t\t<\/div>\n\t\t            <\/div>\n\t\t<\/div><\/div><\/div><\/div>\n<\/div>","protected":false},"excerpt":{"rendered":"Igen, innen a linkr\u0151l let\u00f6ltheti \u0151ket.","protected":false},"author":1,"featured_media":0,"parent":0,"menu_order":0,"comment_status":"closed","ping_status":"closed","template":"","meta":{"_seopress_titles_title":"","_seopress_titles_desc":"","_seopress_robots_index":"yes","_seopress_robots_follow":"yes","_seopress_robots_imageindex":"yes","_seopress_robots_snippet":"yes","_seopress_robots_primary_cat":"","_seopress_robots_breadcrumbs":"","_seopress_robots_freeze_modified_date":"","_seopress_robots_custom_modified_date":"","_seopress_robots_canonical":"","_seopress_social_fb_title":"","_seopress_social_fb_desc":"","_seopress_social_fb_img":"","_seopress_social_fb_img_attachment_id":0,"_seopress_social_fb_img_width":0,"_seopress_social_fb_img_height":0,"_seopress_social_twitter_title":"","_seopress_social_twitter_desc":"","_seopress_social_twitter_img":"","_seopress_social_twitter_img_attachment_id":0,"_seopress_social_twitter_img_width":0,"_seopress_social_twitter_img_height":0,"_seopress_redirections_value":"","_seopress_redirections_enabled":"","_seopress_redirections_enabled_regex":"","_seopress_redirections_logged_status":"","_seopress_redirections_param":"","_seopress_redirections_type":0,"_seopress_analysis_target_kw":"","_seopress_news_disabled":"","_seopress_video_disabled":"","_seopress_video":[],"_seopress_pro_schemas_manual":[],"_seopress_pro_rich_snippets_disable_all":"","_seopress_pro_rich_snippets_disable":[],"_seopress_pro_schemas":[],"footnotes":""},"class_list":["post-129685","page","type-page","status-publish","hentry"],"_links":{"self":[{"href":"https:\/\/teachertraining.studyinireland.ie\/hu\/wp-json\/wp\/v2\/pages\/129685","targetHints":{"allow":["GET"]}}],"collection":[{"href":"https:\/\/teachertraining.studyinireland.ie\/hu\/wp-json\/wp\/v2\/pages"}],"about":[{"href":"https:\/\/teachertraining.studyinireland.ie\/hu\/wp-json\/wp\/v2\/types\/page"}],"author":[{"embeddable":true,"href":"https:\/\/teachertraining.studyinireland.ie\/hu\/wp-json\/wp\/v2\/users\/1"}],"replies":[{"embeddable":true,"href":"https:\/\/teachertraining.studyinireland.ie\/hu\/wp-json\/wp\/v2\/comments?post=129685"}],"version-history":[{"count":5,"href":"https:\/\/teachertraining.studyinireland.ie\/hu\/wp-json\/wp\/v2\/pages\/129685\/revisions"}],"predecessor-version":[{"id":129692,"href":"https:\/\/teachertraining.studyinireland.ie\/hu\/wp-json\/wp\/v2\/pages\/129685\/revisions\/129692"}],"wp:attachment":[{"href":"https:\/\/teachertraining.studyinireland.ie\/hu\/wp-json\/wp\/v2\/media?parent=129685"}],"curies":[{"name":"sz\u00e9p volt","href":"https:\/\/api.w.org\/{rel}","templated":true}]}}